{"id":89,"date":"2017-10-17T18:25:26","date_gmt":"2017-10-17T16:25:26","guid":{"rendered":"https:\/\/loc2alpes.com\/?page_id=89"},"modified":"2024-12-11T14:41:43","modified_gmt":"2024-12-11T13:41:43","slug":"appartement-de-standing","status":"publish","type":"page","link":"https:\/\/loc2alpes.com\/en\/appartement-de-standing\/","title":{"rendered":"12 pax capacity apartment-Meije"},"content":{"rendered":"<div id=\"pl-89\"  class=\"panel-layout\" ><div id=\"pg-89-0\"  class=\"panel-grid panel-no-style\" ><div id=\"pgc-89-0-0\"  class=\"panel-grid-cell\" ><div id=\"panel-89-0-0-0\" class=\"so-panel widget widget_text panel-first-child panel-last-child\" data-index=\"0\" ><h3 class=\"widget-title\">Apartment 12 persons &#8211; 4 rooms \/ 3 bathrooms<\/h3>\t\t\t<div class=\"textwidget\"><p>The apartment is located in Les Deux Alpes, in the 2 Alpes 1800 part of the resort (map attached).\u00a0 It has direct access to the slopes with a chair lift that connects to the entire ski area.<strong>\u00a0<\/strong> Near the apartment are a small supermarket, a bakery, a ski rental shop, restaurants, and an indoor spa and swimming pool.\u00a0 The center of the resort is within walking distance, and there are free shuttles throughout the day to go from one end to the other.<\/p>\n<p>There are two main ski schools with direct access from the appartment: ESF (French ski school, from 1st star level), with meeting point 8 min walk from the apartment or 1 min away on skis, and ESI Saint Christophe (European ski school, from 5-6 years old), with a shuttle picking up the children and bringing them back a couple of minutes away from the flat (in front of the Club-hotel).<\/p>\n<p>&nbsp;<\/p>\n<p><strong>The property<\/strong><\/p>\n<p>&nbsp;<\/p>\n<p>A four bedroom apartment of 125 squared meters (c. 1350 square feet) for up to 12 people.\u00a0 It was fully renovated and furnished to a high standard.\u00a0 The flat is fully equipped, including:<\/p>\n<p>&#8211; Entrance: benches, boot dryer, coat racks<br \/>\n&#8211; Living room: large TV, TV box and DVD player.\u00a0 Balcony<br \/>\n&#8211; Kitchen \/ dining area: large table for 12 people, dishwasher, raclette and fondue appliances, mixer, oven, microwave etc.<br \/>\n&#8211; Double bedroom #1: 160cm x 200cm bed, storage and TV. Ensuite shower room<br \/>\n&#8211; Double bedroom #2 and #3: 160&#215;200 bed (can be split in two 80&#215;200) and TV<\/p>\n<p>&#8211; Dormitory room: 6 beds (80&#215;200 bunk beds)<\/p>\n<p>&#8211; 3 bathrooms (including one en-suite), 2 toilets<\/p>\n<p>&#8211; Washing machine and dryer<\/p>\n<p>&nbsp;<\/p>\n<p><strong>Complementary &amp; other services<\/strong><\/p>\n<p><strong>\u00a0<\/strong><\/p>\n<p>The following services are included in our prices in WINTER:<\/p>\n<p>&#8211; Wifi<\/p>\n<p>&#8211; Bed sheets, duvets<\/p>\n<p>&#8211; Towels<\/p>\n<p>&#8211; End of stay cleaning (the apartment is just to be left tidy)<\/p>\n<p>&#8211; Food staples i.e. oil, vinegar, pasta, sugar, &#8230;<\/p>\n<p>OPTIONAL SERVICES IN SUMMER: sheets, towels<\/p>\n<p>&nbsp;<\/p>\n<p>Please let us know if you are interested in discounts on ski hire (-40%).<\/p>\n<p>&nbsp;<\/p>\n<p>Optional services include\u00a0delivery of meals and\/or daily cleaning (to book at least 10 days before your arrival), not included in our prices.<\/p>\n<\/div>\n\t\t<\/div><\/div><div id=\"pgc-89-0-1\"  class=\"panel-grid-cell\" ><div id=\"panel-89-0-1-0\" class=\"so-panel widget widget_sow-slider panel-first-child panel-last-child\" data-index=\"1\" ><div\n\t\t\t\n\t\t\tclass=\"so-widget-sow-slider so-widget-sow-slider-default-6d39609536fd-89\"\n\t\t\t\n\t\t>\t\t\t\t<div class=\"sow-slider-base\" style=\"display: none\" tabindex=\"0\">\n\t\t\t\t\t<ul\n\t\t\t\t\tclass=\"sow-slider-images\"\n\t\t\t\t\tdata-settings=\"{&quot;pagination&quot;:true,&quot;speed&quot;:500,&quot;timeout&quot;:5000,&quot;paused&quot;:false,&quot;pause_on_hover&quot;:false,&quot;swipe&quot;:true,&quot;nav_always_show_desktop&quot;:&quot;&quot;,&quot;nav_always_show_mobile&quot;:&quot;&quot;,&quot;breakpoint&quot;:&quot;780px&quot;,&quot;unmute&quot;:false,&quot;anchor&quot;:null}\"\n\t\t\t\t\t\t\t\t\t\tdata-anchor-id=\"\"\n\t\t\t\t>\t\t<li class=\"sow-slider-image\" style=\"visibility: visible;\" >\n\t\t\t\t\t\t<img loading=\"lazy\" decoding=\"async\" width=\"4800\" height=\"3391\" src=\"https:\/\/loc2alpes.com\/wp-content\/uploads\/appartement-3.jpg\" class=\"sow-slider-background-image\" alt=\"Location duplex les 2 Alpes vacances enneigement surf ski t\u00e9l\u00e9cabine Aurelle Richard\" style=\"\" srcset=\"https:\/\/loc2alpes.com\/wp-content\/uploads\/appartement-3.jpg 4800w, https:\/\/loc2alpes.com\/wp-content\/uploads\/appartement-3-300x212.jpg 300w, https:\/\/loc2alpes.com\/wp-content\/uploads\/appartement-3-768x543.jpg 768w, https:\/\/loc2alpes.com\/wp-content\/uploads\/appartement-3-1024x723.jpg 1024w\" sizes=\"auto, (max-width: 4800px) 100vw, 4800px\" \/>\t\t<\/li>\n\t\t\t\t<li class=\"sow-slider-image\" style=\"visibility: hidden;\" >\n\t\t\t\t\t\t<img loading=\"lazy\" decoding=\"async\" width=\"5184\" height=\"3456\" src=\"https:\/\/loc2alpes.com\/wp-content\/uploads\/appartement-4.jpg\" class=\"sow-slider-background-image\" alt=\"Location appartement standin 12 personnes les 2 Alpes conviviale\" style=\"\" srcset=\"https:\/\/loc2alpes.com\/wp-content\/uploads\/appartement-4.jpg 5184w, https:\/\/loc2alpes.com\/wp-content\/uploads\/appartement-4-300x200.jpg 300w, https:\/\/loc2alpes.com\/wp-content\/uploads\/appartement-4-768x512.jpg 768w, https:\/\/loc2alpes.com\/wp-content\/uploads\/appartement-4-1024x683.jpg 1024w\" sizes=\"auto, (max-width: 5184px) 100vw, 5184px\" \/>\t\t<\/li>\n\t\t\t\t<li class=\"sow-slider-image\" style=\"visibility: hidden;\" >\n\t\t\t\t\t\t<img loading=\"lazy\" decoding=\"async\" width=\"5184\" height=\"3456\" src=\"https:\/\/loc2alpes.com\/wp-content\/uploads\/salon-tv-site.jpg\" class=\"sow-slider-background-image\" alt=\"Salon rouge standing prestations haut de gamme location ski appartement les 2 alpes\" style=\"\" srcset=\"https:\/\/loc2alpes.com\/wp-content\/uploads\/salon-tv-site.jpg 5184w, https:\/\/loc2alpes.com\/wp-content\/uploads\/salon-tv-site-300x200.jpg 300w, https:\/\/loc2alpes.com\/wp-content\/uploads\/salon-tv-site-768x512.jpg 768w, https:\/\/loc2alpes.com\/wp-content\/uploads\/salon-tv-site-1024x683.jpg 1024w\" sizes=\"auto, (max-width: 5184px) 100vw, 5184px\" \/>\t\t<\/li>\n\t\t\t\t<li class=\"sow-slider-image\" style=\"visibility: hidden;\" >\n\t\t\t\t\t\t<img loading=\"lazy\" decoding=\"async\" width=\"1600\" height=\"1054\" src=\"https:\/\/loc2alpes.com\/wp-content\/uploads\/cuisine-Bdef.jpg\" class=\"sow-slider-background-image\" alt=\"table bois tabouret bar montagne amis famille vacances ski\" style=\"\" srcset=\"https:\/\/loc2alpes.com\/wp-content\/uploads\/cuisine-Bdef.jpg 1600w, https:\/\/loc2alpes.com\/wp-content\/uploads\/cuisine-Bdef-300x198.jpg 300w, https:\/\/loc2alpes.com\/wp-content\/uploads\/cuisine-Bdef-768x506.jpg 768w, https:\/\/loc2alpes.com\/wp-content\/uploads\/cuisine-Bdef-1024x675.jpg 1024w\" sizes=\"auto, (max-width: 1600px) 100vw, 1600px\" \/>\t\t<\/li>\n\t\t\t\t<li class=\"sow-slider-image\" style=\"visibility: hidden;\" >\n\t\t\t\t\t\t<img loading=\"lazy\" decoding=\"async\" width=\"800\" height=\"534\" src=\"https:\/\/loc2alpes.com\/wp-content\/uploads\/appartement-1.jpg\" class=\"sow-slider-background-image\" alt=\"Location appartement 1 les 2 Alpes cuisine conviviale standing caf\u00e9 tout \u00e9quip\u00e9e induction\" style=\"\" srcset=\"https:\/\/loc2alpes.com\/wp-content\/uploads\/appartement-1.jpg 800w, https:\/\/loc2alpes.com\/wp-content\/uploads\/appartement-1-300x200.jpg 300w, https:\/\/loc2alpes.com\/wp-content\/uploads\/appartement-1-768x513.jpg 768w\" sizes=\"auto, (max-width: 800px) 100vw, 800px\" \/>\t\t<\/li>\n\t\t\t\t<li class=\"sow-slider-image\" style=\"visibility: hidden;\" >\n\t\t\t\t\t\t<img loading=\"lazy\" decoding=\"async\" width=\"1600\" height=\"1104\" src=\"https:\/\/loc2alpes.com\/wp-content\/uploads\/salon-plaid-Bdef.jpg\" class=\"sow-slider-background-image\" alt=\"plaid coussin montagne oisans rouge bois salon chalet\" style=\"\" srcset=\"https:\/\/loc2alpes.com\/wp-content\/uploads\/salon-plaid-Bdef.jpg 1600w, https:\/\/loc2alpes.com\/wp-content\/uploads\/salon-plaid-Bdef-300x207.jpg 300w, https:\/\/loc2alpes.com\/wp-content\/uploads\/salon-plaid-Bdef-768x530.jpg 768w, https:\/\/loc2alpes.com\/wp-content\/uploads\/salon-plaid-Bdef-1024x707.jpg 1024w\" sizes=\"auto, (max-width: 1600px) 100vw, 1600px\" \/>\t\t<\/li>\n\t\t\t\t<li class=\"sow-slider-image\" style=\"visibility: hidden;\" >\n\t\t\t\t\t\t<img loading=\"lazy\" decoding=\"async\" width=\"1600\" height=\"1133\" src=\"https:\/\/loc2alpes.com\/wp-content\/uploads\/CH1-2-Bdef.jpg\" class=\"sow-slider-background-image\" alt=\"meije la grave montagne aurelle richard 2 alpes glacier girose ski\" style=\"\" srcset=\"https:\/\/loc2alpes.com\/wp-content\/uploads\/CH1-2-Bdef.jpg 1600w, https:\/\/loc2alpes.com\/wp-content\/uploads\/CH1-2-Bdef-300x212.jpg 300w, https:\/\/loc2alpes.com\/wp-content\/uploads\/CH1-2-Bdef-768x544.jpg 768w, https:\/\/loc2alpes.com\/wp-content\/uploads\/CH1-2-Bdef-1024x725.jpg 1024w\" sizes=\"auto, (max-width: 1600px) 100vw, 1600px\" \/>\t\t<\/li>\n\t\t\t\t<li class=\"sow-slider-image\" style=\"visibility: hidden;\" >\n\t\t\t\t\t\t<img loading=\"lazy\" decoding=\"async\" width=\"1600\" height=\"1170\" src=\"https:\/\/loc2alpes.com\/wp-content\/uploads\/CH1-3-Bdef.jpg\" class=\"sow-slider-background-image\" alt=\"grande chambre orange chaleur plaid montagne 2 alpes\" style=\"\" srcset=\"https:\/\/loc2alpes.com\/wp-content\/uploads\/CH1-3-Bdef.jpg 1600w, https:\/\/loc2alpes.com\/wp-content\/uploads\/CH1-3-Bdef-300x219.jpg 300w, https:\/\/loc2alpes.com\/wp-content\/uploads\/CH1-3-Bdef-768x562.jpg 768w, https:\/\/loc2alpes.com\/wp-content\/uploads\/CH1-3-Bdef-1024x749.jpg 1024w\" sizes=\"auto, (max-width: 1600px) 100vw, 1600px\" \/>\t\t<\/li>\n\t\t\t\t<li class=\"sow-slider-image\" style=\"visibility: hidden;\" >\n\t\t\t\t\t\t<img loading=\"lazy\" decoding=\"async\" width=\"1600\" height=\"1067\" src=\"https:\/\/loc2alpes.com\/wp-content\/uploads\/CH2-2-Bdef.jpg\" class=\"sow-slider-background-image\" alt=\"confort chaleur moderne d\u00e9coration montagne vacances\" style=\"\" srcset=\"https:\/\/loc2alpes.com\/wp-content\/uploads\/CH2-2-Bdef.jpg 1600w, https:\/\/loc2alpes.com\/wp-content\/uploads\/CH2-2-Bdef-300x200.jpg 300w, https:\/\/loc2alpes.com\/wp-content\/uploads\/CH2-2-Bdef-768x512.jpg 768w, https:\/\/loc2alpes.com\/wp-content\/uploads\/CH2-2-Bdef-1024x683.jpg 1024w, https:\/\/loc2alpes.com\/wp-content\/uploads\/CH2-2-Bdef-272x182.jpg 272w\" sizes=\"auto, (max-width: 1600px) 100vw, 1600px\" \/>\t\t<\/li>\n\t\t\t\t<li class=\"sow-slider-image\" style=\"visibility: hidden;\" >\n\t\t\t\t\t\t<img loading=\"lazy\" decoding=\"async\" width=\"1018\" height=\"1600\" src=\"https:\/\/loc2alpes.com\/wp-content\/uploads\/CH2-3-Bdef.jpg\" class=\"sow-slider-background-image\" alt=\"chambre jaune angel des montagnes ADM bois montagne ski neige\" style=\"\" srcset=\"https:\/\/loc2alpes.com\/wp-content\/uploads\/CH2-3-Bdef.jpg 1018w, https:\/\/loc2alpes.com\/wp-content\/uploads\/CH2-3-Bdef-191x300.jpg 191w, https:\/\/loc2alpes.com\/wp-content\/uploads\/CH2-3-Bdef-768x1207.jpg 768w, https:\/\/loc2alpes.com\/wp-content\/uploads\/CH2-3-Bdef-652x1024.jpg 652w\" sizes=\"auto, (max-width: 1018px) 100vw, 1018px\" \/>\t\t<\/li>\n\t\t\t\t<li class=\"sow-slider-image\" style=\"visibility: hidden;\" >\n\t\t\t\t\t\t<img loading=\"lazy\" decoding=\"async\" width=\"1600\" height=\"1098\" src=\"https:\/\/loc2alpes.com\/wp-content\/uploads\/CH3-2-Bdef.jpg\" class=\"sow-slider-background-image\" alt=\"d\u00e9coration bois peau confort lits chambre t\u00e9l\u00e9vision ski chaud\" style=\"\" srcset=\"https:\/\/loc2alpes.com\/wp-content\/uploads\/CH3-2-Bdef.jpg 1600w, https:\/\/loc2alpes.com\/wp-content\/uploads\/CH3-2-Bdef-300x206.jpg 300w, https:\/\/loc2alpes.com\/wp-content\/uploads\/CH3-2-Bdef-768x527.jpg 768w, https:\/\/loc2alpes.com\/wp-content\/uploads\/CH3-2-Bdef-1024x703.jpg 1024w\" sizes=\"auto, (max-width: 1600px) 100vw, 1600px\" \/>\t\t<\/li>\n\t\t\t\t<li class=\"sow-slider-image\" style=\"visibility: hidden;\" >\n\t\t\t\t\t\t<img loading=\"lazy\" decoding=\"async\" width=\"1600\" height=\"1102\" src=\"https:\/\/loc2alpes.com\/wp-content\/uploads\/CH3-3-Bdef.jpg\" class=\"sow-slider-background-image\" alt=\"plaid montagne cosy confort t\u00e9l\u00e9 dans la chambre station de ski vacances\" style=\"\" srcset=\"https:\/\/loc2alpes.com\/wp-content\/uploads\/CH3-3-Bdef.jpg 1600w, https:\/\/loc2alpes.com\/wp-content\/uploads\/CH3-3-Bdef-300x207.jpg 300w, https:\/\/loc2alpes.com\/wp-content\/uploads\/CH3-3-Bdef-768x529.jpg 768w, https:\/\/loc2alpes.com\/wp-content\/uploads\/CH3-3-Bdef-1024x705.jpg 1024w\" sizes=\"auto, (max-width: 1600px) 100vw, 1600px\" \/>\t\t<\/li>\n\t\t\t\t<li class=\"sow-slider-image\" style=\"visibility: hidden;\" >\n\t\t\t\t\t\t<img loading=\"lazy\" decoding=\"async\" width=\"1600\" height=\"1067\" src=\"https:\/\/loc2alpes.com\/wp-content\/uploads\/dortoir-1-Bdef.jpg\" class=\"sow-slider-background-image\" alt=\"refuge enfants amis jeux dortoir 6 lits chacun son lit grande chambre\" style=\"\" srcset=\"https:\/\/loc2alpes.com\/wp-content\/uploads\/dortoir-1-Bdef.jpg 1600w, https:\/\/loc2alpes.com\/wp-content\/uploads\/dortoir-1-Bdef-300x200.jpg 300w, https:\/\/loc2alpes.com\/wp-content\/uploads\/dortoir-1-Bdef-768x512.jpg 768w, https:\/\/loc2alpes.com\/wp-content\/uploads\/dortoir-1-Bdef-1024x683.jpg 1024w, https:\/\/loc2alpes.com\/wp-content\/uploads\/dortoir-1-Bdef-272x182.jpg 272w\" sizes=\"auto, (max-width: 1600px) 100vw, 1600px\" \/>\t\t<\/li>\n\t\t\t\t<li class=\"sow-slider-image\" style=\"visibility: hidden;\" >\n\t\t\t\t\t\t<img loading=\"lazy\" decoding=\"async\" width=\"1600\" height=\"1067\" src=\"https:\/\/loc2alpes.com\/wp-content\/uploads\/dortoir-2-Bdef.jpg\" class=\"sow-slider-background-image\" alt=\"grand dortoir lit refuge enfants d\u00e9coration montagne ski piste de luge jeux famille\" style=\"\" srcset=\"https:\/\/loc2alpes.com\/wp-content\/uploads\/dortoir-2-Bdef.jpg 1600w, https:\/\/loc2alpes.com\/wp-content\/uploads\/dortoir-2-Bdef-300x200.jpg 300w, https:\/\/loc2alpes.com\/wp-content\/uploads\/dortoir-2-Bdef-768x512.jpg 768w, https:\/\/loc2alpes.com\/wp-content\/uploads\/dortoir-2-Bdef-1024x683.jpg 1024w, https:\/\/loc2alpes.com\/wp-content\/uploads\/dortoir-2-Bdef-272x182.jpg 272w\" sizes=\"auto, (max-width: 1600px) 100vw, 1600px\" \/>\t\t<\/li>\n\t\t\t\t<li class=\"sow-slider-image\" style=\"visibility: hidden;\" >\n\t\t\t\t\t\t<img loading=\"lazy\" decoding=\"async\" width=\"1600\" height=\"1067\" src=\"https:\/\/loc2alpes.com\/wp-content\/uploads\/SDB2-1-Bdef.jpg\" class=\"sow-slider-background-image\" alt=\"baignoire douche lavabo double vasque serviettes\" style=\"\" srcset=\"https:\/\/loc2alpes.com\/wp-content\/uploads\/SDB2-1-Bdef.jpg 1600w, https:\/\/loc2alpes.com\/wp-content\/uploads\/SDB2-1-Bdef-300x200.jpg 300w, https:\/\/loc2alpes.com\/wp-content\/uploads\/SDB2-1-Bdef-768x512.jpg 768w, https:\/\/loc2alpes.com\/wp-content\/uploads\/SDB2-1-Bdef-1024x683.jpg 1024w, https:\/\/loc2alpes.com\/wp-content\/uploads\/SDB2-1-Bdef-272x182.jpg 272w\" sizes=\"auto, (max-width: 1600px) 100vw, 1600px\" \/>\t\t<\/li>\n\t\t\t\t<li class=\"sow-slider-image\" style=\"visibility: hidden;\" >\n\t\t\t\t\t\t<img loading=\"lazy\" decoding=\"async\" width=\"1067\" height=\"1600\" src=\"https:\/\/loc2alpes.com\/wp-content\/uploads\/SDB3-Bdef.jpg\" class=\"sow-slider-background-image\" alt=\"douche confort s\u00e9che-serviette carrelage pierre bois\" style=\"\" srcset=\"https:\/\/loc2alpes.com\/wp-content\/uploads\/SDB3-Bdef.jpg 1067w, https:\/\/loc2alpes.com\/wp-content\/uploads\/SDB3-Bdef-200x300.jpg 200w, https:\/\/loc2alpes.com\/wp-content\/uploads\/SDB3-Bdef-768x1152.jpg 768w, https:\/\/loc2alpes.com\/wp-content\/uploads\/SDB3-Bdef-683x1024.jpg 683w\" sizes=\"auto, (max-width: 1067px) 100vw, 1067px\" \/>\t\t<\/li>\n\t\t\t\t<li class=\"sow-slider-image\" style=\"visibility: hidden;\" >\n\t\t\t\t\t\t<img loading=\"lazy\" decoding=\"async\" width=\"1067\" height=\"1600\" src=\"https:\/\/loc2alpes.com\/wp-content\/uploads\/Skiroom-2-Bdef.jpg\" class=\"sow-slider-background-image\" alt=\"skiroom chauffe-chaussure ski gants casques de ski\" style=\"\" srcset=\"https:\/\/loc2alpes.com\/wp-content\/uploads\/Skiroom-2-Bdef.jpg 1067w, https:\/\/loc2alpes.com\/wp-content\/uploads\/Skiroom-2-Bdef-200x300.jpg 200w, https:\/\/loc2alpes.com\/wp-content\/uploads\/Skiroom-2-Bdef-768x1152.jpg 768w, https:\/\/loc2alpes.com\/wp-content\/uploads\/Skiroom-2-Bdef-683x1024.jpg 683w\" sizes=\"auto, (max-width: 1067px) 100vw, 1067px\" \/>\t\t<\/li>\n\t\t\t\t<li class=\"sow-slider-image\" style=\"visibility: hidden;;cursor: pointer;\" data-url=\"{&quot;url&quot;:&quot;https:\\\/\\\/loc2alpes.com\\\/wp-content\\\/uploads\\\/plan-duplex-001-Bdef-e1509397026826.jpg&quot;,&quot;new_window&quot;:true}\" >\n\t\t\t\t\t\t\t\t\t\t<a href=\"https:\/\/loc2alpes.com\/wp-content\/uploads\/plan-duplex-001-Bdef-e1509397026826.jpg\"\n\t\t\t\t\t\t\t\t\t\t\t\t\t\t\ttarget=\"_blank\" \t\t\t\t\t\t\t\t\t\t\t\t\t\t\t\t\t\t\t\trel=\"noopener noreferrer\" \t\t\t\t\t\t\t\t\t>\n\t\t\t<img loading=\"lazy\" decoding=\"async\" width=\"1600\" height=\"1136\" src=\"https:\/\/loc2alpes.com\/wp-content\/uploads\/plan-duplex-001-Bdef-e1509397026826.jpg\" class=\"sow-slider-background-image\" alt=\"duplex montagne d\u00e9coration bois confortable skiroom wifi\" style=\"\" srcset=\"https:\/\/loc2alpes.com\/wp-content\/uploads\/plan-duplex-001-Bdef-e1509397026826.jpg 1600w, https:\/\/loc2alpes.com\/wp-content\/uploads\/plan-duplex-001-Bdef-e1509397026826-300x213.jpg 300w, https:\/\/loc2alpes.com\/wp-content\/uploads\/plan-duplex-001-Bdef-e1509397026826-768x545.jpg 768w, https:\/\/loc2alpes.com\/wp-content\/uploads\/plan-duplex-001-Bdef-e1509397026826-1024x727.jpg 1024w\" sizes=\"auto, (max-width: 1600px) 100vw, 1600px\" \/><\/a>\t\t<\/li>\n\t\t\t\t<li class=\"sow-slider-image\" style=\"visibility: hidden;\" >\n\t\t\t\t\t\t<img loading=\"lazy\" decoding=\"async\" width=\"800\" height=\"450\" src=\"https:\/\/loc2alpes.com\/wp-content\/uploads\/vue-appartement.jpg\" class=\"sow-slider-background-image\" alt=\"les 2 Alpes 1800 neige hiver ski location appartement de standing\" style=\"\" srcset=\"https:\/\/loc2alpes.com\/wp-content\/uploads\/vue-appartement.jpg 800w, https:\/\/loc2alpes.com\/wp-content\/uploads\/vue-appartement-300x169.jpg 300w, https:\/\/loc2alpes.com\/wp-content\/uploads\/vue-appartement-768x432.jpg 768w\" sizes=\"auto, (max-width: 800px) 100vw, 800px\" \/>\t\t<\/li>\n\t\t<\/ul>\t\t\t\t<ol class=\"sow-slider-pagination\">\n\t\t\t\t\t\t\t\t\t\t\t<li><a href=\"#\" data-goto=\"0\" aria-label=\"Display slide 1\"><\/a><\/li>\n\t\t\t\t\t\t\t\t\t\t\t<li><a href=\"#\" data-goto=\"1\" aria-label=\"Display slide 2\"><\/a><\/li>\n\t\t\t\t\t\t\t\t\t\t\t<li><a href=\"#\" data-goto=\"2\" aria-label=\"Display slide 3\"><\/a><\/li>\n\t\t\t\t\t\t\t\t\t\t\t<li><a href=\"#\" data-goto=\"3\" aria-label=\"Display slide 4\"><\/a><\/li>\n\t\t\t\t\t\t\t\t\t\t\t<li><a href=\"#\" data-goto=\"4\" aria-label=\"Display slide 5\"><\/a><\/li>\n\t\t\t\t\t\t\t\t\t\t\t<li><a href=\"#\" data-goto=\"5\" aria-label=\"Display slide 6\"><\/a><\/li>\n\t\t\t\t\t\t\t\t\t\t\t<li><a href=\"#\" data-goto=\"6\" aria-label=\"Display slide 7\"><\/a><\/li>\n\t\t\t\t\t\t\t\t\t\t\t<li><a href=\"#\" data-goto=\"7\" aria-label=\"Display slide 8\"><\/a><\/li>\n\t\t\t\t\t\t\t\t\t\t\t<li><a href=\"#\" data-goto=\"8\" aria-label=\"Display slide 9\"><\/a><\/li>\n\t\t\t\t\t\t\t\t\t\t\t<li><a href=\"#\" data-goto=\"9\" aria-label=\"Display slide 10\"><\/a><\/li>\n\t\t\t\t\t\t\t\t\t\t\t<li><a href=\"#\" data-goto=\"10\" aria-label=\"Display slide 11\"><\/a><\/li>\n\t\t\t\t\t\t\t\t\t\t\t<li><a href=\"#\" data-goto=\"11\" aria-label=\"Display slide 12\"><\/a><\/li>\n\t\t\t\t\t\t\t\t\t\t\t<li><a href=\"#\" data-goto=\"12\" aria-label=\"Display slide 13\"><\/a><\/li>\n\t\t\t\t\t\t\t\t\t\t\t<li><a href=\"#\" data-goto=\"13\" aria-label=\"Display slide 14\"><\/a><\/li>\n\t\t\t\t\t\t\t\t\t\t\t<li><a href=\"#\" data-goto=\"14\" aria-label=\"Display slide 15\"><\/a><\/li>\n\t\t\t\t\t\t\t\t\t\t\t<li><a href=\"#\" data-goto=\"15\" aria-label=\"Display slide 16\"><\/a><\/li>\n\t\t\t\t\t\t\t\t\t\t\t<li><a href=\"#\" data-goto=\"16\" aria-label=\"Display slide 17\"><\/a><\/li>\n\t\t\t\t\t\t\t\t\t\t\t<li><a href=\"#\" data-goto=\"17\" aria-label=\"Display slide 18\"><\/a><\/li>\n\t\t\t\t\t\t\t\t\t\t\t<li><a href=\"#\" data-goto=\"18\" aria-label=\"Display slide 19\"><\/a><\/li>\n\t\t\t\t\t\t\t\t\t<\/ol>\n\n\t\t\t\t<div class=\"sow-slide-nav sow-slide-nav-next\">\n\t\t\t\t\t<a href=\"#\" data-goto=\"next\" aria-label=\"Next slide\" data-action=\"next\">\n\t\t\t\t\t\t<em class=\"sow-sld-icon-thin-right\"><\/em>\n\t\t\t\t\t<\/a>\n\t\t\t\t<\/div>\n\n\t\t\t\t<div class=\"sow-slide-nav sow-slide-nav-prev\">\n\t\t\t\t\t<a href=\"#\" data-goto=\"previous\" aria-label=\"Previous slide\" data-action=\"prev\">\n\t\t\t\t\t\t<em class=\"sow-sld-icon-thin-left\"><\/em>\n\t\t\t\t\t<\/a>\n\t\t\t\t<\/div>\n\t\t\t\t<\/div><\/div><\/div><\/div><\/div><\/div>","protected":false},"excerpt":{"rendered":"<p>The apartment is located in Les Deux Alpes, in the 2 Alpes 1800 part of the resort (map attached).\u00a0 It has direct access to the slopes with a chair lift &#8230;<\/p>\n","protected":false},"author":1,"featured_media":0,"parent":0,"menu_order":0,"comment_status":"closed","ping_status":"closed","template":"template-fullwidth.php","meta":{"footnotes":""},"class_list":["post-89","page","type-page","status-publish","hentry"],"yoast_head":"<!-- This site is optimized with the Yoast SEO plugin v27.4 - https:\/\/yoast.com\/product\/yoast-seo-wordpress\/ -->\n<title>Location appartement grand capacit\u00e9-12 personnesLocation appartement grand capacit\u00e9-12 personnes<\/title>\n<meta name=\"description\" content=\"(Fran\u00e7ais) vacances au ski : appartement 12 personnes - 4 chambres - Les 2 Alpes - d\u00e9part et retour ski aux pieds - wifi, draps, serviettes, m\u00e9nage, parking,\" \/>\n<meta name=\"robots\" content=\"index, follow, max-snippet:-1, max-image-preview:large, max-video-preview:-1\" \/>\n<link rel=\"canonical\" href=\"https:\/\/loc2alpes.com\/appartement-de-standing\/\" \/>\n<meta property=\"og:locale\" content=\"en_GB\" \/>\n<meta property=\"og:type\" content=\"article\" \/>\n<meta property=\"og:title\" content=\"[:fr]Location les 2 Alpes : APPARTEMENT 12 PERSONNES[:en]Location appartement grand capacit\u00e9-12 personnesLocation appartement grand capacit\u00e9-12 personnes[:]\" \/>\n<meta property=\"og:description\" content=\"{:fr}vacances au ski : appartement 12 personnes - 4 chambres - Les 2 Alpes - d\u00e9part et retour ski aux pieds - wifi, draps, serviettes, m\u00e9nage, parking, {:}\" \/>\n<meta property=\"og:url\" content=\"https:\/\/loc2alpes.com\/appartement-de-standing\/\" \/>\n<meta property=\"og:site_name\" content=\"rent in les 2 Alpes\" \/>\n<meta property=\"article:modified_time\" content=\"2024-12-11T13:41:43+00:00\" \/>\n<meta name=\"twitter:card\" content=\"summary_large_image\" \/>\n<meta name=\"twitter:label1\" content=\"Estimated reading time\" \/>\n\t<meta name=\"twitter:data1\" content=\"3 minutes\" \/>\n<script type=\"application\/ld+json\" class=\"yoast-schema-graph\">{\"@context\":\"https:\\\/\\\/schema.org\",\"@graph\":[{\"@type\":\"WebPage\",\"@id\":\"https:\\\/\\\/loc2alpes.com\\\/appartement-de-standing\\\/\",\"url\":\"https:\\\/\\\/loc2alpes.com\\\/appartement-de-standing\\\/\",\"name\":\"[:fr]Location les 2 Alpes : APPARTEMENT 12 PERSONNES[:en]Location appartement grand capacit\u00e9-12 personnesLocation appartement grand capacit\u00e9-12 personnes[:]\",\"isPartOf\":{\"@id\":\"https:\\\/\\\/loc2alpes.com\\\/#website\"},\"datePublished\":\"2017-10-17T16:25:26+00:00\",\"dateModified\":\"2024-12-11T13:41:43+00:00\",\"description\":\"{:fr}vacances au ski : appartement 12 personnes - 4 chambres - Les 2 Alpes - d\u00e9part et retour ski aux pieds - wifi, draps, serviettes, m\u00e9nage, parking, {:}\",\"breadcrumb\":{\"@id\":\"https:\\\/\\\/loc2alpes.com\\\/appartement-de-standing\\\/#breadcrumb\"},\"inLanguage\":\"en-GB\",\"potentialAction\":[{\"@type\":\"ReadAction\",\"target\":[\"https:\\\/\\\/loc2alpes.com\\\/appartement-de-standing\\\/\"]}]},{\"@type\":\"BreadcrumbList\",\"@id\":\"https:\\\/\\\/loc2alpes.com\\\/appartement-de-standing\\\/#breadcrumb\",\"itemListElement\":[{\"@type\":\"ListItem\",\"position\":1,\"name\":\"Accueil\",\"item\":\"https:\\\/\\\/loc2alpes.com\\\/\"},{\"@type\":\"ListItem\",\"position\":2,\"name\":\"Grand appartement 12 personnes-Meije\"}]},{\"@type\":\"WebSite\",\"@id\":\"https:\\\/\\\/loc2alpes.com\\\/#website\",\"url\":\"https:\\\/\\\/loc2alpes.com\\\/\",\"name\":\"rent in les 2 Alpes\",\"description\":\"Rent charming apartments\",\"potentialAction\":[{\"@type\":\"SearchAction\",\"target\":{\"@type\":\"EntryPoint\",\"urlTemplate\":\"https:\\\/\\\/loc2alpes.com\\\/?s={search_term_string}\"},\"query-input\":{\"@type\":\"PropertyValueSpecification\",\"valueRequired\":true,\"valueName\":\"search_term_string\"}}],\"inLanguage\":\"en-GB\"}]}<\/script>\n<!-- \/ Yoast SEO plugin. -->","yoast_head_json":{"title":"Location appartement grand capacit\u00e9-12 personnesLocation appartement grand capacit\u00e9-12 personnes","description":"(Fran\u00e7ais) vacances au ski : appartement 12 personnes - 4 chambres - Les 2 Alpes - d\u00e9part et retour ski aux pieds - wifi, draps, serviettes, m\u00e9nage, parking,","robots":{"index":"index","follow":"follow","max-snippet":"max-snippet:-1","max-image-preview":"max-image-preview:large","max-video-preview":"max-video-preview:-1"},"canonical":"https:\/\/loc2alpes.com\/appartement-de-standing\/","og_locale":"en_GB","og_type":"article","og_title":"[:fr]Location les 2 Alpes : APPARTEMENT 12 PERSONNES[:en]Location appartement grand capacit\u00e9-12 personnesLocation appartement grand capacit\u00e9-12 personnes[:]","og_description":"{:fr}vacances au ski : appartement 12 personnes - 4 chambres - Les 2 Alpes - d\u00e9part et retour ski aux pieds - wifi, draps, serviettes, m\u00e9nage, parking, {:}","og_url":"https:\/\/loc2alpes.com\/appartement-de-standing\/","og_site_name":"rent in les 2 Alpes","article_modified_time":"2024-12-11T13:41:43+00:00","twitter_card":"summary_large_image","twitter_misc":{"Estimated reading time":"3 minutes"},"schema":{"@context":"https:\/\/schema.org","@graph":[{"@type":"WebPage","@id":"https:\/\/loc2alpes.com\/appartement-de-standing\/","url":"https:\/\/loc2alpes.com\/appartement-de-standing\/","name":"[:fr]Location les 2 Alpes : APPARTEMENT 12 PERSONNES[:en]Location appartement grand capacit\u00e9-12 personnesLocation appartement grand capacit\u00e9-12 personnes[:]","isPartOf":{"@id":"https:\/\/loc2alpes.com\/#website"},"datePublished":"2017-10-17T16:25:26+00:00","dateModified":"2024-12-11T13:41:43+00:00","description":"{:fr}vacances au ski : appartement 12 personnes - 4 chambres - Les 2 Alpes - d\u00e9part et retour ski aux pieds - wifi, draps, serviettes, m\u00e9nage, parking, {:}","breadcrumb":{"@id":"https:\/\/loc2alpes.com\/appartement-de-standing\/#breadcrumb"},"inLanguage":"en-GB","potentialAction":[{"@type":"ReadAction","target":["https:\/\/loc2alpes.com\/appartement-de-standing\/"]}]},{"@type":"BreadcrumbList","@id":"https:\/\/loc2alpes.com\/appartement-de-standing\/#breadcrumb","itemListElement":[{"@type":"ListItem","position":1,"name":"Accueil","item":"https:\/\/loc2alpes.com\/"},{"@type":"ListItem","position":2,"name":"Grand appartement 12 personnes-Meije"}]},{"@type":"WebSite","@id":"https:\/\/loc2alpes.com\/#website","url":"https:\/\/loc2alpes.com\/","name":"rent in les 2 Alpes","description":"Rent charming apartments","potentialAction":[{"@type":"SearchAction","target":{"@type":"EntryPoint","urlTemplate":"https:\/\/loc2alpes.com\/?s={search_term_string}"},"query-input":{"@type":"PropertyValueSpecification","valueRequired":true,"valueName":"search_term_string"}}],"inLanguage":"en-GB"}]}},"_links":{"self":[{"href":"https:\/\/loc2alpes.com\/en\/wp-json\/wp\/v2\/pages\/89","targetHints":{"allow":["GET"]}}],"collection":[{"href":"https:\/\/loc2alpes.com\/en\/wp-json\/wp\/v2\/pages"}],"about":[{"href":"https:\/\/loc2alpes.com\/en\/wp-json\/wp\/v2\/types\/page"}],"author":[{"embeddable":true,"href":"https:\/\/loc2alpes.com\/en\/wp-json\/wp\/v2\/users\/1"}],"replies":[{"embeddable":true,"href":"https:\/\/loc2alpes.com\/en\/wp-json\/wp\/v2\/comments?post=89"}],"version-history":[{"count":102,"href":"https:\/\/loc2alpes.com\/en\/wp-json\/wp\/v2\/pages\/89\/revisions"}],"predecessor-version":[{"id":1332,"href":"https:\/\/loc2alpes.com\/en\/wp-json\/wp\/v2\/pages\/89\/revisions\/1332"}],"wp:attachment":[{"href":"https:\/\/loc2alpes.com\/en\/wp-json\/wp\/v2\/media?parent=89"}],"curies":[{"name":"wp","href":"https:\/\/api.w.org\/{rel}","templated":true}]}}